{"id":802,"date":"2013-07-16T19:43:34","date_gmt":"2013-07-16T17:43:34","guid":{"rendered":"http:\/\/claudia-dzengel.com\/?page_id=802"},"modified":"2026-03-04T14:47:46","modified_gmt":"2026-03-04T13:47:46","slug":"aktuelles","status":"publish","type":"page","link":"https:\/\/claudia-dzengel.com\/?page_id=802","title":{"rendered":"Aktuelles"},"content":{"rendered":"<p><a href=\"https:\/\/claudia-dzengel.com\/wp-content\/uploads\/Bodenburg_CF260928_01_Quadrat_web.jpg\"><img loading=\"lazy\" decoding=\"async\" class=\"alignleft wp-image-4938\" title=\"Look-deep_Schwarz_Quadrat_web\" src=\"https:\/\/claudia-dzengel.com\/wp-content\/uploads\/Bodenburg_CF260928_01_Quadrat_web-150x150.jpg\" alt=\"\" width=\"190\" height=\"190\" srcset=\"https:\/\/claudia-dzengel.com\/wp-content\/uploads\/Bodenburg_CF260928_01_Quadrat_web-150x150.jpg 150w, https:\/\/claudia-dzengel.com\/wp-content\/uploads\/Bodenburg_CF260928_01_Quadrat_web-300x300.jpg 300w, https:\/\/claudia-dzengel.com\/wp-content\/uploads\/Bodenburg_CF260928_01_Quadrat_web-768x768.jpg 768w, https:\/\/claudia-dzengel.com\/wp-content\/uploads\/Bodenburg_CF260928_01_Quadrat_web.jpg 1000w\" sizes=\"auto, (max-width: 190px) 100vw, 190px\" \/><\/a><\/p>\n<p style=\"padding-left: 200px;\">Internationale<br \/>\nGruppen-Ausstellung<\/p>\n<p style=\"padding-left: 200px;\"><strong>Bodenburg \u2013 Kunst mit und ohne Dach<\/strong><span style=\"color: #ff0000;\"><span style=\"color: #000000;\"><br \/>\n<\/span><\/span><\/p>\n<p style=\"padding-left: 200px;\">Stiftung Kunstgeb\u00e4ude Schlosshof Bodenburg (D)<br \/>\nAusstellungser\u00f6ffnung: <strong>Sa, 04.07.2026, 17:00 Uhr<\/strong><br \/>\nTeichstra\u00dfe 15a<br \/>\n31162 Bad Salzdetfurth\/OT Bodenburg<\/p>\n<p style=\"padding-left: 200px;\">Ca. 30 K\u00fcnstlerinnen und K\u00fcnstler zeigen ihre Werke zu dem Thema &#8222;Kunst mit und ohne Dach in Bodenburg&#8220;, die eigens f\u00fcr diese Ausstellung entstanden sind. Zur Ausstellung erscheint ein Katalog.<\/p>\n<p style=\"padding-left: 200px;\">Ausstellungsdauer: 04.07. &#8211; 02.08.2026<\/p>\n<p>&nbsp;<\/p>\n<p>&nbsp;<\/p>\n<p><a href=\"https:\/\/claudia-dzengel.com\/wp-content\/uploads\/B-wie-Bartleby_Plakat_Quadrat_web.jpg\"><img loading=\"lazy\" decoding=\"async\" class=\"alignleft wp-image-4831\" title=\"Look-deep_Schwarz_Quadrat_web\" src=\"https:\/\/claudia-dzengel.com\/wp-content\/uploads\/B-wie-Bartleby_Plakat_Quadrat_web-150x150.jpg\" alt=\"\" width=\"170\" height=\"170\" srcset=\"https:\/\/claudia-dzengel.com\/wp-content\/uploads\/B-wie-Bartleby_Plakat_Quadrat_web-150x150.jpg 150w, https:\/\/claudia-dzengel.com\/wp-content\/uploads\/B-wie-Bartleby_Plakat_Quadrat_web-300x300.jpg 300w, https:\/\/claudia-dzengel.com\/wp-content\/uploads\/B-wie-Bartleby_Plakat_Quadrat_web.jpg 450w\" sizes=\"auto, (max-width: 170px) 100vw, 170px\" \/><\/a><\/p>\n<p style=\"padding-left: 200px;\">Kinostart<\/p>\n<p style=\"padding-left: 200px;\"><strong><a href=\"https:\/\/www.filmgarten.at\/bartleby\" target=\"_blank\" rel=\"noopener\">B wie Bartleby<\/a><\/strong><span style=\"color: #ff0000;\"><span style=\"color: #000000;\"><br \/>\n<\/span><\/span><\/p>\n<p style=\"padding-left: 200px;\">Der Film <strong><em>B wie Bartleby<\/em><\/strong>, von der \u00f6sterreichischen Filmemacherin Angela Summereder l\u00e4uft ab Januar 2026 offiziell in den \u00f6sterreichischen Kinos. Ausgehend von Dialogen mit einem verstorbenen Gef\u00e4hrten lebt der ber\u00fchmte Satz<br \/>\n<em class=\"false\">I would prefer not to<\/em> (<em>Bartleby, <\/em>Herman Melville) in Stimmen und Gesten von Performer*innen, Jugendlichen, Rap-Musikern, Passant*innen und Gestrandeten neu auf \u2013 leise, beharrlich, zeitlos.<\/p>\n<p style=\"padding-left: 200px;\">F\u00fcr den Film durfte ich den Filmtitel und die Credits kalligrafisch gestalten, sowie die Schauspieler im Schreiben mit dem G\u00e4nsekiel unterrichten.<\/p>\n<p style=\"padding-left: 200px;\">Kinostart: 09.01.2026<\/p>\n<p>&nbsp;<\/p>\n<p>&nbsp;<\/p>\n<p>&nbsp;<\/p>\n<p><a href=\"https:\/\/claudia-dzengel.com\/wp-content\/uploads\/CF258479_Look-deep_Schwarz_Quadrat_web.jpg\"><img loading=\"lazy\" decoding=\"async\" class=\"alignleft  wp-image-4683\" title=\"Look-deep_Schwarz_Quadrat_web\" src=\"https:\/\/claudia-dzengel.com\/wp-content\/uploads\/CF258479_Look-deep_Schwarz_Quadrat_web-150x150.jpg\" alt=\"\" width=\"170\" height=\"170\" srcset=\"https:\/\/claudia-dzengel.com\/wp-content\/uploads\/CF258479_Look-deep_Schwarz_Quadrat_web-150x150.jpg 150w, https:\/\/claudia-dzengel.com\/wp-content\/uploads\/CF258479_Look-deep_Schwarz_Quadrat_web-300x300.jpg 300w, https:\/\/claudia-dzengel.com\/wp-content\/uploads\/CF258479_Look-deep_Schwarz_Quadrat_web.jpg 1000w\" sizes=\"auto, (max-width: 170px) 100vw, 170px\" \/><\/a><\/p>\n<p style=\"padding-left: 200px;\">Ausstellung<br \/>\nim Rahmen des Symposiums der Typografischen Gesellschaft Austria | tga<br \/>\n<strong>Antiqua &amp; Letter variations<\/strong><br \/>\nvom<br \/>\n28.08. &#8211; 30.09.2025<br \/>\n<span style=\"color: #ff0000;\"><span style=\"color: #000000;\">Schloss Raabs an der Thaya<\/span><span style=\"color: #000000;\"><br \/>\n<a href=\"https:\/\/typographischegesellschaft.at\/en\/raabs25\/ausstellungen\" target=\"_blank\" rel=\"noopener\">https:\/\/typographischegesellschaft.at\/en\/raabs25\/ausstellungen<\/a><\/span><\/span><strong><span style=\"color: #ff0000;\"><span style=\"color: #000000;\"><em><br \/>\n<\/em><a href=\"https:\/\/www.q202.at\/pages\/aktuell.php#Der%20Q202-AtelierRundgang\" target=\"_blank\" rel=\"noopener\"><br \/>\n<\/a><\/span><\/span><\/strong>In der Ausstellung wird eine Auswahl kalligrafisch gestalteter Schriftbilder\u00a0 (Text-Variationen und Originale von Wandbildern oder Live-Events) gezeigt. Stilistisch reichen die Arbeiten von stark gestischen Gestaltungen bis hin zu kleinteiligen, klaren und linearen Formen.<\/p>\n<p style=\"padding-left: 200px;\">Alle Werke haben einen kalligrafischen und\/oder typografischen Bezug zur Schrift.<\/p>\n<p>&nbsp;<\/p>\n<p>&nbsp;<\/p>\n<p><a href=\"https:\/\/claudia-dzengel.com\/wp-content\/uploads\/Look-deep_2144_heller_Quadrat_web.jpg\"><img loading=\"lazy\" decoding=\"async\" class=\"alignleft  wp-image-4576\" title=\"Look-deep_2144_heller_Quadrat_web\" src=\"https:\/\/claudia-dzengel.com\/wp-content\/uploads\/Look-deep_2144_heller_Quadrat_web-150x150.jpg\" alt=\"\" width=\"170\" height=\"170\" srcset=\"https:\/\/claudia-dzengel.com\/wp-content\/uploads\/Look-deep_2144_heller_Quadrat_web-150x150.jpg 150w, https:\/\/claudia-dzengel.com\/wp-content\/uploads\/Look-deep_2144_heller_Quadrat_web-300x300.jpg 300w, https:\/\/claudia-dzengel.com\/wp-content\/uploads\/Look-deep_2144_heller_Quadrat_web.jpg 1000w\" sizes=\"auto, (max-width: 170px) 100vw, 170px\" \/><\/a><\/p>\n<p style=\"padding-left: 200px;\">Ausstellung<strong><br \/>\n\u00ab Blattwerke<\/strong><strong> \u00bb<br \/>\n<\/strong>von Claudia Dzengel &amp; Eva P\u00f6ll<br \/>\n7.-27. November 2024<br \/>\n<span style=\"color: #ff0000;\"><em><span style=\"color: #000000;\">Das Wallenstein <\/span><\/em><span style=\"color: #000000;\">(Ecklokal)<\/span><em><span style=\"color: #000000;\"><br \/>\n<\/span><\/em><span style=\"color: #000000;\">Karl-Mei\u00dfl-Stra\u00dfe 1, 1200 Wien<br \/>\n\u00d6ffnungszeiten siehe<br \/>\n<a href=\"https:\/\/www.daswallenstein.wien\/galerie\/\" target=\"_blank\" rel=\"noopener\">www.daswallenstein.wien<\/a><\/span><\/span><strong><span style=\"color: #ff0000;\"><span style=\"color: #000000;\"><em><br \/>\n<\/em><a href=\"https:\/\/www.q202.at\/pages\/aktuell.php#Der%20Q202-AtelierRundgang\" target=\"_blank\" rel=\"noopener\"><br \/>\n<\/a><\/span><\/span><\/strong>Kalligrafische Bl\u00e4tter, Werke auf Papier, manchmal unter Einbindung tats\u00e4chlicher Blattmotive, sind der gemeinsame Nenner dieser Ausstellung.<br \/>\nSchriftkunst, die organische Ordnungen wachsen l\u00e4\u00dft und sie den Betrachtenden zur visuellen Ernte anbietet. Teilweise in verbl\u00fcffender \u00c4hnlichkeit, dann wieder in erfrischendem Kontrast, pr\u00e4sentieren die beiden K\u00fcnstlerinnen ihre Arbeiten erstmals im &#8222;Das Wallenstein&#8220; im 20. Bezirk in Wien.<\/p>\n<p>&nbsp;<\/p>\n<p>&nbsp;<\/p>\n<p><a href=\"https:\/\/claudia-dzengel.com\/wp-content\/uploads\/Venive-Collage_01_Quadrat_web.jpg\"><img loading=\"lazy\" decoding=\"async\" class=\"alignleft  wp-image-4481\" title=\"Venive-Collage_01_Quadrat_web\" src=\"https:\/\/claudia-dzengel.com\/wp-content\/uploads\/Venive-Collage_01_Quadrat_web-150x150.jpg\" alt=\"\" width=\"170\" height=\"170\" srcset=\"https:\/\/claudia-dzengel.com\/wp-content\/uploads\/Venive-Collage_01_Quadrat_web-150x150.jpg 150w, https:\/\/claudia-dzengel.com\/wp-content\/uploads\/Venive-Collage_01_Quadrat_web-300x300.jpg 300w, https:\/\/claudia-dzengel.com\/wp-content\/uploads\/Venive-Collage_01_Quadrat_web.jpg 942w\" sizes=\"auto, (max-width: 170px) 100vw, 170px\" \/><\/a><\/p>\n<p style=\"padding-left: 200px;\">Gruppenausstellung<strong><br \/>\n\u00ab \u2026kollagiert \u2013 auch ohne Leim &#8211; \u2026collag\u00e9 \u2013<\/strong><br \/>\n<strong>m\u00eame sans colle &#8211; \u2026collaged \u2013 even without<\/strong><br \/>\n<strong>glue \u00bb<\/strong><br \/>\nStiftung Kunstgeb\u00e4ude Schlosshof<br \/>\nBodenburg<span style=\"color: #ff0000;\"><span style=\"color: #000000;\"> (D)<\/span><br \/>\n<\/span><\/p>\n<p style=\"padding-left: 200px;\"><span style=\"color: #ff0000;\"><span style=\"color: #000000;\">\u00d6ffnungszeiten:<br \/>\n8. Juni bis 7. Juli 2024<\/span><\/span><span style=\"color: #ff0000;\"><span style=\"color: #000000;\"><a href=\"https:\/\/www.q202.at\/pages\/aktuell.php#Der%20Q202-AtelierRundgang\" target=\"_blank\" rel=\"noopener\"><br \/>\n<\/a>Sa, 15:00 &#8211; 18:00 Uhr &amp; So, <\/span><\/span>11:00 &#8211; 18:00 Uhr<br \/>\nVom 8. Juni bis 7. Juli 2024 findet die Collage-Ausstellung <strong>\u00ab <\/strong><em>\u2026kollagiert \u2013 auch ohne Leim &#8211; \u2026collag\u00e9 \u2013<\/em><br \/>\n<em>m\u00eame sans colle &#8211; \u2026collaged \u2013 even without<\/em><br \/>\n<em>glue \u00bb<\/em> im &#8222;Bullenstall&#8220; in Bodenburg statt. Die Ausstellung wurde von Hans-Oiseau Kalkmann, dem Vorstand der Stiftung Kunstgeb\u00e4ude Schlosshof Bodenburg, kuratiert, und ich freue mich sehr mit einer Arbeit an dieser Veranstaltung teilzunehmen.<br \/>\n<strong>Ort:<\/strong><br \/>\nTeichstra\u00dfe 15a<br \/>\n31162 Bad Salzdetfurth, OT Bodenburg<br \/>\n<a href=\"https:\/\/claudia-dzengel.com\/wp-content\/uploads\/COLLAGE-Ausstellung-2024-Stiftung-Kunstgeba\u0308ude-Schlossho-f-Bodenburg-.pdf\">COLLAGE-Ausstellung 2024 Stiftung Kunstgeba\u0308ude Schlosshof Bodenburg<\/a><\/p>\n<p>&nbsp;<\/p>\n<p>&nbsp;<\/p>\n<p><a href=\"https:\/\/claudia-dzengel.com\/wp-content\/uploads\/wandmontage_mit_sprudelbild_na\u0308her_Quadrat_web.jpg\"><img loading=\"lazy\" decoding=\"async\" class=\"alignleft  wp-image-4263\" title=\"wandmontage_mit_sprudelbild_na\u0308her_Quadrat_web\" src=\"https:\/\/claudia-dzengel.com\/wp-content\/uploads\/wandmontage_mit_sprudelbild_na\u0308her_Quadrat_web-150x150.jpg\" alt=\"\" width=\"170\" height=\"170\" srcset=\"https:\/\/claudia-dzengel.com\/wp-content\/uploads\/wandmontage_mit_sprudelbild_na\u0308her_Quadrat_web-150x150.jpg 150w, https:\/\/claudia-dzengel.com\/wp-content\/uploads\/wandmontage_mit_sprudelbild_na\u0308her_Quadrat_web-300x300.jpg 300w, https:\/\/claudia-dzengel.com\/wp-content\/uploads\/wandmontage_mit_sprudelbild_na\u0308her_Quadrat_web.jpg 1000w\" sizes=\"auto, (max-width: 170px) 100vw, 170px\" \/><\/a><\/p>\n<p style=\"padding-left: 200px;\">Umsetzung<strong><br \/>\nFassadengestaltung f\u00fcr den Standort<br \/>\ndes &#8222;Outdoor-Museums der Poesie&#8220; in<br \/>\nBad Soden-Salm\u00fcnster (D)<br \/>\n<\/strong><strong>Fr\u00fchjahr 2024<\/strong><br \/>\nVon der <em>Schrift und Bild StiftungsTrust GmbH<\/em> wurde ich eingeladen, ein Wandbild f\u00fcr das Kurgel\u00e4nde der Stadt Bad Soden-Salm\u00fcnster zu gestalten. In unmittelbarer N\u00e4he zum Kurpark und Spessart-Forum befindet sich die Wand, auf der nun im Fr\u00fchjahr 2024 mein Schriftbild &#8222;Sprudel&#8220; realisiert wird. Inspiriert durch Namen und Texte den Kurort betreffend (z.B. Fritz-Hamm-Sprudel, K\u00f6nig-Heinrich-Sprudel) habe ich die W\u00f6rter in Form von Sprudeln in einem Entwurf M 1:20 zuerst auf Papier gestaltet. Danach wurde das Kalligrafie-Bild digital \u00fcberarbeitet und mit Schablonen wird es von Malermeistersch\u00fclerInnen der Initiative <em>MAL WAS ECHTES<\/em> (Verband Farbe, Gestaltung, Bautenschutz Hessen) auf die cirka 12 Meter lange Fassade aufgetragen. Das Projekt wurde von dem K\u00fcnstler und Kurator J\u00f6rg Schmitz aus Hanau entwickelt. Ich bedanke mich vielmals f\u00fcr diesen tollen Auftrag und hoffe, demn\u00e4chst die umgesetzte Arbeit in natura sehen zu k\u00f6nnen.<\/p>\n<p>&nbsp;<\/p>\n<p>&nbsp;<\/p>\n<p><a href=\"https:\/\/claudia-dzengel.com\/wp-content\/uploads\/20231105_104623_Quadrat_web.jpg\"><img loading=\"lazy\" decoding=\"async\" class=\"alignleft  wp-image-4217\" title=\"20231105_104623_Quadrat_web\" src=\"https:\/\/claudia-dzengel.com\/wp-content\/uploads\/20231105_104623_Quadrat_web-150x150.jpg\" alt=\"\" width=\"170\" height=\"170\" \/><\/a><\/p>\n<p style=\"padding-left: 200px;\"><a href=\"https:\/\/derneburg.de\/november-2023\/\" target=\"_blank\" rel=\"noopener\">Ausstellung<\/a><br \/>\n<a href=\"https:\/\/derneburg.de\/november-2023\/\" target=\"_blank\" rel=\"noopener\"> <strong>Worte in Bewegung<\/strong><\/a><br \/>\n<a href=\"https:\/\/derneburg.de\/november-2023\/\" target=\"_blank\" rel=\"noopener\"> <strong>05.11. bis 17.12.2023<\/strong><\/a><\/p>\n<p style=\"padding-left: 200px;\"><a href=\"https:\/\/derneburg.de\/november-2023\/\" target=\"_blank\" rel=\"noopener\"><strong>Finissage<br \/>\n17. Dezember 2023, 17:00 Uhr<\/strong><\/a><\/p>\n<p style=\"padding-left: 200px;\">Glashaus Derneburg<strong><br \/>\n<\/strong>Schlo\u00dfstra\u00dfe 17<br \/>\n31188 Holle | OT Derneburg<br \/>\nDeutschland<\/p>\n<p style=\"padding-left: 200px;\">Worte in Bewegung<br \/>\nDie Ausstellung im Glashaus Derneburg zeigt Arbeiten aus den vergangenen Jahren. Der Schwerpunkt liegt auf Bildern die nach Musik geschrieben wurden oder Texten die einen\u00a0 rhythmischen Bildverlauf erkennen lassen. Denn Worte haben Rhythmus und Klang.<br \/>\nIn meinen Kalligrafien bewege ich die H\u00e4nde im Rhythmus und Takt den der Klang der Worte in mir erzeugt. Manchmal gleichen meine Bilder auch einer Choreografie in der ich die Schreibwerkzeuge wie Tanzschritte \u00fcber das Papier gleiten lasse. Oder ich erzeuge den Takt durch das Eintauchen und das Aufsetzen der Schreibger\u00e4te wie Federn, Pinsel oder Metallklingen. Dabei kombiniere ich Texte und abstrakte Formen miteinander, die Lesbarkeit tritt in den Hintergrund.<br \/>\n<a href=\"https:\/\/derneburg.de\/wp-content\/uploads\/2023\/11\/Claudia-Dzengel-Reine-Form-und-innere-Melodie.pdf\" target=\"_blank\" rel=\"noopener\">Ausstellungsbesprechung von Martin Ganzkow<\/a><\/p>\n<p>&nbsp;<\/p>\n<p>&nbsp;<\/p>\n<p><a href=\"https:\/\/claudia-dzengel.com\/wp-content\/uploads\/Repro_Kalligrafie_Fritz_aufWei\u00df_eciRGB_Quadrat_web.jpg\"><img loading=\"lazy\" decoding=\"async\" class=\"alignleft  wp-image-4260\" title=\"Repro_Kalligrafie_Fritz_aufWei\u00df_eciRGB_Quadrat_web\" src=\"https:\/\/claudia-dzengel.com\/wp-content\/uploads\/Repro_Kalligrafie_Fritz_aufWei\u00df_eciRGB_Quadrat_web-150x150.jpg\" alt=\"\" width=\"170\" height=\"170\" srcset=\"https:\/\/claudia-dzengel.com\/wp-content\/uploads\/Repro_Kalligrafie_Fritz_aufWei\u00df_eciRGB_Quadrat_web-150x150.jpg 150w, https:\/\/claudia-dzengel.com\/wp-content\/uploads\/Repro_Kalligrafie_Fritz_aufWei\u00df_eciRGB_Quadrat_web-300x300.jpg 300w, https:\/\/claudia-dzengel.com\/wp-content\/uploads\/Repro_Kalligrafie_Fritz_aufWei\u00df_eciRGB_Quadrat_web.jpg 1000w\" sizes=\"auto, (max-width: 170px) 100vw, 170px\" \/><\/a><\/p>\n<p style=\"padding-left: 200px;\">Preisverleihung<strong><br \/>\nFritz-Csoklich-Demokratie-Preis<br \/>\n<\/strong><strong>Do, 12.10.2023<br \/>\nNationalbibliothek, Wien<\/strong><\/p>\n<p style=\"padding-left: 200px;\">Im Oktober wurde zum dritten Mail der Fritz-Csoklich-Demokratiepreis verliehen. Der bosnisch-herzegowinische Schriftsteller D\u017eevad Karahasan wurde f\u00fcr sein leidenschaftliches Eintreten f\u00fcr Toleranz und Humanit\u00e4t ausgezeichnet. Posthum, denn Karahasan starb im Mai 2023 in Graz.\u00a0Mile Babi\u0107, sein bester Freund, nahm den Preis in der Nationalbibliothek entgegen. Ich durfte wieder das Bild f\u00fcr die Verleihung gestalten und freue mich, besonders in der heutigen Zeit, an diesem Projekt mitzuarbeiten und so einen kleinen Beitrag f\u00fcr unser Demokratieverst\u00e4ndnis mitgestalten zu k\u00f6nnen.<br \/>\nVielen Dank an die Styria Media Group f\u00fcr die langj\u00e4hrige und gute Zusammenarbeit.<\/p>\n<p>&nbsp;<\/p>\n<p>&nbsp;<\/p>\n<p><a href=\"https:\/\/claudia-dzengel.com\/wp-content\/uploads\/Schreiben_03_PC_Schrift_quadrat_web.jpg\"><img loading=\"lazy\" decoding=\"async\" class=\"alignleft  wp-image-3959\" title=\"Schreiben_03_PC_Schrift_quadrat_web\" src=\"https:\/\/claudia-dzengel.com\/wp-content\/uploads\/Schreiben_03_PC_Schrift_quadrat_web-150x150.jpg\" alt=\"\" width=\"170\" height=\"170\" srcset=\"https:\/\/claudia-dzengel.com\/wp-content\/uploads\/Schreiben_03_PC_Schrift_quadrat_web-150x150.jpg 150w, https:\/\/claudia-dzengel.com\/wp-content\/uploads\/Schreiben_03_PC_Schrift_quadrat_web-300x300.jpg 300w, https:\/\/claudia-dzengel.com\/wp-content\/uploads\/Schreiben_03_PC_Schrift_quadrat_web.jpg 1000w\" sizes=\"auto, (max-width: 170px) 100vw, 170px\" \/><\/a><\/p>\n<p style=\"padding-left: 200px;\">Ausstellung<strong><br \/>\nSchreiben \u2013 handmade<\/strong><br \/>\n<strong>17.11.2022 bis 25.06.2023<\/strong><\/p>\n<p style=\"padding-left: 200px;\">Am <strong>25. Juni 2023, 15:00 Uhr<\/strong><br \/>\nwerde ich vor Ort im Museum sein und durch die Ausstellung f\u00fchren.<br \/>\n<strong>Bayerisches Schulmuseum Ichenhausen<br \/>\n<\/strong>Schlo\u00dfplatz. 3, 89335 Ichenhausen, Deutschland<br \/>\n<strong><br \/>\n<\/strong>Die Schrift \u2013 ein Wunder<br \/>\nDie neue Ausstellung im Bayerischen Schulmuseum Ichenhausen ist dem Wunder \u201cSchreiben&#8220; gewidmet! Das, was wir heute tagt\u00e4glich tun, ohne daru\u0308ber nachzudenken, verbindet uns mit den Menschen, die vor 5000 Jahren am fernen Fluss Euphrat Zeichen in feuchten Ton gedru\u0308ckt haben. Die Ausstellung zeigt anhand meiner Arbeiten einen schriftgeschichtlichen \u00dcberblick von den ersten Schriftzeichen bis zur zeitgen\u00f6ssischen Kalligrafie. Zu sehen sind Bilder aus den vergangenen Jahren, sowie Werke der japanischen Schriftku\u0308nstlerin Junko Baba und des iranischen Kalligrafen Ali Kianmehr.<br \/>\nZu den einzelnen Schrift-Epochen wird es Mitmachtische geben, die viel Lust aufs Selberschreiben machen. Das Museum bietet au\u00dferdem Workshops\/Fu\u0308hrungen fu\u0308r Schul-klassen und Lehrer:innen zur Ausstellung an.<br \/>\n<em>Schreiben \u2013 handmade<\/em> ist eine wahre Liebeserkl\u00e4rung an die Handschrift. Sie l\u00e4dt ein, in die Geschichte der Schrift einzutauchen, u\u0308ber ihre unfassbare Vielfalt zu staunen und vor allem selbst Hand anzulegen.<\/p>\n<p>&nbsp;<\/p>\n<p>&nbsp;<\/p>\n<p><a href=\"https:\/\/claudia-dzengel.com\/wp-content\/uploads\/REQUIEM_web1.jpg\"><img loading=\"lazy\" decoding=\"async\" class=\"alignleft  wp-image-3974\" title=\"REQUIEM_web\" src=\"https:\/\/claudia-dzengel.com\/wp-content\/uploads\/REQUIEM_web1-150x150.jpg\" alt=\"\" width=\"170\" height=\"170\" srcset=\"https:\/\/claudia-dzengel.com\/wp-content\/uploads\/REQUIEM_web1-150x150.jpg 150w, https:\/\/claudia-dzengel.com\/wp-content\/uploads\/REQUIEM_web1-300x300.jpg 300w, https:\/\/claudia-dzengel.com\/wp-content\/uploads\/REQUIEM_web1.jpg 710w\" sizes=\"auto, (max-width: 170px) 100vw, 170px\" \/><\/a><\/p>\n<p style=\"padding-left: 200px;\">Wandbeschriftungen<strong><br \/>\nMythos Mozart<\/strong><br \/>\nK\u00e4rntner Stra\u00dfe 19, 1010 Wien,<br \/>\nUntergeschoss des Kaufhauses STEFFL<br \/>\n<strong><br \/>\n<\/strong>Seit Oktober 2022 gibt es das Klangerlebnis <em>Mythos Mozart<\/em> in der Wiener Innenstadt zu sehen. Im \u201eKleinen Kayserhaus\u201c in der Rauhensteingasse 8 verbrachte Mozart sein letztes Lebensjahr bis zu seinem Tod im Dezember 1791. Er komponierte hier Meisterwerke wie &#8222;Die Zauberfl\u00f6te&#8220;, sein Klarinettenkonzert und das Requiem. Heute befindest sich an dieser Stelle das Kaufhaus STEFFL und zeigt hier eine multimediale Ausstellung der besonderen Art. Daf\u00fcr durfte ich f\u00fcnf Klangr\u00e4ume, die unterschiedlichen Themen gewidmet sind, kalligrafisch beschriften. Ebenso die Landkarten mit Mozarts Reiserouten, die im Foyer zu sehen sind.<\/p>\n<p>&nbsp;<\/p>\n<p>&nbsp;<\/p>\n<p><a href=\"https:\/\/claudia-dzengel.com\/wp-content\/uploads\/Pease-for-Ukraine_0011_Quadrat_web.jpg\"><img loading=\"lazy\" decoding=\"async\" class=\"alignleft  wp-image-3885\" title=\"Pease-for-Ukraine_0011_Quadrat_web\" src=\"https:\/\/claudia-dzengel.com\/wp-content\/uploads\/Pease-for-Ukraine_0011_Quadrat_web-150x150.jpg\" alt=\"\" width=\"170\" height=\"170\" srcset=\"https:\/\/claudia-dzengel.com\/wp-content\/uploads\/Pease-for-Ukraine_0011_Quadrat_web-150x150.jpg 150w, https:\/\/claudia-dzengel.com\/wp-content\/uploads\/Pease-for-Ukraine_0011_Quadrat_web-300x300.jpg 300w, https:\/\/claudia-dzengel.com\/wp-content\/uploads\/Pease-for-Ukraine_0011_Quadrat_web.jpg 1000w\" sizes=\"auto, (max-width: 170px) 100vw, 170px\" \/><\/a><\/p>\n<p style=\"padding-left: 200px;\">Ausstellung<strong><br \/>\nGemeinsamkeiten \u2013 wie <\/strong><strong>wollen wir gemeinsam leben?<\/strong><br \/>\n23.04. bis 17.07.2022<br \/>\n<strong>Schrift- und Heimatmuseum Bartlhaus<br \/>\n<\/strong>Die Gemeinschaftsausstellung zeigt kalligrafische Arbeiten und Druckgrafiken international bekannter K\u00fcnstlerInnen aus dem deutschsprachigen Raum, die sich mit den Themen Menschenrechte, sowie dem Konzept der Menschpflichten besch\u00e4ftigen. Die Allgemeine Erkl\u00e4rung der Menschenrechte wurde nach dem Ende des zweiten Weltkriegs als Folge der dort begangenen Unmensch-lichkeiten, von der Generalversammlung der Vereinten Nationen verabschiedet. Jede Kalligrafin suchte fu\u0308r sich markante Passagen aus den Texten. Die Schriftbilder zeigen jeweils pers\u00f6nliche und teilweise auch h\u00f6chst aktuelle Auseinandersetzungen mit dem Themenkomplex und fu\u0308hrten zu vielf\u00e4ltigen stilistischen Umsetzungen der textlichen Grundlage.<br \/>\n<a href=\"https:\/\/claudia-dzengel.com\/wp-content\/uploads\/Einladung_1-2022.pdf\">Einladung_1-2022<\/a><\/p>\n<p>&nbsp;<\/p>\n<p>&nbsp;<\/p>\n<p><a href=\"https:\/\/claudia-dzengel.com\/wp-content\/uploads\/Love-one-another_0006_Quadrat_web.jpg\"><img loading=\"lazy\" decoding=\"async\" class=\"alignleft  wp-image-3854\" title=\"Love-one-another_0006_Quadrat_web\" src=\"https:\/\/claudia-dzengel.com\/wp-content\/uploads\/Love-one-another_0006_Quadrat_web-150x150.jpg\" alt=\"\" width=\"170\" height=\"170\" srcset=\"https:\/\/claudia-dzengel.com\/wp-content\/uploads\/Love-one-another_0006_Quadrat_web-150x150.jpg 150w, https:\/\/claudia-dzengel.com\/wp-content\/uploads\/Love-one-another_0006_Quadrat_web-300x300.jpg 300w, https:\/\/claudia-dzengel.com\/wp-content\/uploads\/Love-one-another_0006_Quadrat_web.jpg 1000w\" sizes=\"auto, (max-width: 170px) 100vw, 170px\" \/><\/a><\/p>\n<p style=\"padding-left: 200px;\"><strong>Q202-Atelier-Rundgang<\/strong><br \/>\nSa\/So, 23.\/24.04.2022,<br \/>\njeweils 13:00 bis 20:00 Uhr<br \/>\n<strong>20., Karl-Mei\u00dfl-Stra\u00dfe 1\/17, 2. Stock<br \/>\n<\/strong>Am 23. und 24. April 2022, 13:00 bis 20:00 Uhr findet wieder der Q202-Atelier-Rundgang im 2. und 20. Bezirk in Wien statt. An beiden Tagen ist mein Atelier ge\u00f6ffnet und ich habe diesmal Kalligrafie-KollegInnen aus Japan und dem Iran eingeladen teilzunehmen:<br \/>\nAm 23.04.2022 zeigt <strong>Ali Kianmehr<\/strong> arabische Kalligrafien und steht f\u00fcr Fragen zur Verf\u00fcgung.<br \/>\nInformationen und Arbeiten zur asiatischen Kalligrafie gibt es am 24.04.2022 von <strong>Junko Baba<\/strong> zu sehen.<br \/>\nAu\u00dferdem zeige ich Werke aus der westlichen Kalligrafie-Welt und bin am Samstag ab 17:00 Uhr und am Sonntag ab 13:00 Uhr vor Ort und stehe f\u00fcr alle Fragen rund um die Themen Handschrift, Kalligrafie und Lettering zur Verf\u00fcgung. Wir freuen uns auf euren Besuch!<\/p>\n<p>&nbsp;<\/p>\n<p>&nbsp;<\/p>\n<p><a href=\"https:\/\/claudia-dzengel.com\/wp-content\/uploads\/20_03_Das-Licht-dieser-Welt_0001_web1.jpg\"><img loading=\"lazy\" decoding=\"async\" class=\"alignleft  wp-image-3756\" title=\"20_03_Das-Licht-dieser-Welt_0001_web\" src=\"https:\/\/claudia-dzengel.com\/wp-content\/uploads\/20_03_Das-Licht-dieser-Welt_0001_web1-150x150.jpg\" alt=\"\" width=\"170\" height=\"170\" \/><\/a><\/p>\n<p style=\"padding-left: 200px;\"><a href=\"https:\/\/salonette.at\/?page_id=3184\" target=\"_blank\" rel=\"noopener\">Vortrag<\/a><br \/>\n<a href=\"https:\/\/salonette.at\/?page_id=3184\" target=\"_blank\" rel=\"noopener\"> <strong>Kalligrafie und die Handschrift unserer Zeit<\/strong><\/a><br \/>\n<a href=\"https:\/\/salonette.at\/?page_id=3184\" target=\"_blank\" rel=\"noopener\"> Kunstsalon Salonette, Wien<\/a><br \/>\n<strong><a href=\"https:\/\/salonette.at\/?page_id=3184\" target=\"_blank\" rel=\"noopener\">Dienstag, 22.02.2022, 19:30 Uhr<\/a><br \/>\n<\/strong>Ich berichte von den Anf\u00e4ngen der Handschrift in Form von Bildzeichen bis hin zu meinen Erfahrungen im heutigen Klassenzimmer. Wo sind handschriftliche Gestaltungen in der heutigen Zeit gefragt, welche Bedeutung hat ein handgeschriebener Text, Brief oder Schriftzug?<br \/>\nAnhand zahlreicher Beispiele zeige ich Arbeiten mit historischen Schriften oder mit experimentellen Textstrukturen. Das hei\u00dft, die Schrift steht zwar im Vordergrund, aber die Lesbarkeit ist nicht immer das oberste Prinzip.<\/p>\n<p>&nbsp;<\/p>\n<p>&nbsp;<\/p>\n<p><a href=\"https:\/\/claudia-dzengel.com\/wp-content\/uploads\/Tipota_01_ausgeschnitten_web.jpg\"><img loading=\"lazy\" decoding=\"async\" class=\"alignleft  wp-image-3626\" title=\"Tipota_01_ausgeschnitten_web\" src=\"https:\/\/claudia-dzengel.com\/wp-content\/uploads\/Tipota_01_ausgeschnitten_web-150x150.jpg\" alt=\"\" width=\"170\" height=\"170\" srcset=\"https:\/\/claudia-dzengel.com\/wp-content\/uploads\/Tipota_01_ausgeschnitten_web-150x150.jpg 150w, https:\/\/claudia-dzengel.com\/wp-content\/uploads\/Tipota_01_ausgeschnitten_web-300x300.jpg 300w, https:\/\/claudia-dzengel.com\/wp-content\/uploads\/Tipota_01_ausgeschnitten_web.jpg 1000w\" sizes=\"auto, (max-width: 170px) 100vw, 170px\" \/><\/a><\/p>\n<p style=\"padding-left: 200px;\">Einzelausstellung im Schriftmuseum Bartlhaus, Pettenbach (O\u00d6)<br \/>\n<strong>Dance of Words<\/strong><strong><br \/>\nAusstellungsdauer: 26.09.2021 \u2013 18.04.2022<\/strong><\/p>\n<p style=\"padding-left: 200px;\"><a href=\"https:\/\/claudia-dzengel.com\/wp-content\/uploads\/21_09_Einladung_3-2021.pdf\">21_09_Einladung_Ausstellung 3-2021<br \/>\n<\/a><br \/>\n<em>In ihrer aktuellen Ausstellung Dance of Words im Bartlhaus zeigt Claudia Dzengel Kalligrafien aus den letzten drei Jahren. Der Tanz der Worte aus dem Titel dru\u0308ckt die visuelle Qualit\u00e4t vieler Schriftbilder aus, in denen die Buchstaben u\u0308ber das Blatt zu tanzen scheinen, anstatt sich wie sonst oft u\u0308blich in Zeilen einzufu\u0308gen. Bei manchen freien Schriftgestaltungen erlangt man sogar den Eindruck, sie seien Spuren von Tanzenden auf dem Papier. Claudia Dzengel findet Inspiration in der Bewegung des K\u00f6rpers und u\u0308bersetzt diese Dynamik mit der Hand auf Papier. Das feste Repertoire der Buchstaben variiert sie frei, wie einmal<\/em><br \/>\n<em> gelernte Tanzschritte in einer Improvisation auch lediglich als Ausgangspunkt dienen.<\/em><br \/>\nText: Angelika Doppelbauer<\/p>\n<p>&nbsp;<\/p>\n<p>&nbsp;<\/p>\n<p><a href=\"https:\/\/claudia-dzengel.com\/wp-content\/uploads\/21_09_Fritz-Csoklich-Demokratiepreis_quadrat_web.jpg\"><img loading=\"lazy\" decoding=\"async\" class=\"alignleft  wp-image-3770\" title=\"21_09_Fritz-Csoklich-Demokratiepreis_quadrat_web\" src=\"https:\/\/claudia-dzengel.com\/wp-content\/uploads\/21_09_Fritz-Csoklich-Demokratiepreis_quadrat_web-150x150.jpg\" alt=\"\" width=\"170\" height=\"170\" srcset=\"https:\/\/claudia-dzengel.com\/wp-content\/uploads\/21_09_Fritz-Csoklich-Demokratiepreis_quadrat_web-150x150.jpg 150w, https:\/\/claudia-dzengel.com\/wp-content\/uploads\/21_09_Fritz-Csoklich-Demokratiepreis_quadrat_web-300x300.jpg 300w, https:\/\/claudia-dzengel.com\/wp-content\/uploads\/21_09_Fritz-Csoklich-Demokratiepreis_quadrat_web.jpg 1000w\" sizes=\"auto, (max-width: 170px) 100vw, 170px\" \/><\/a><\/p>\n<p style=\"padding-left: 200px;\">Preisverleihung<strong><br \/>\nFritz-Csoklich-Demokratie-Preis<br \/>\n<\/strong><strong>Mo, 22.11.2021<\/strong><br \/>\nwurden die drei belarussischen Oppositionsf\u00fchrerInnen Sviatlana Tsikhanouskaya, Veronica Tsepkalo und<br \/>\nMaria Kalesnikava mit dem Fritz-Csoklich-Demokratiepreis ausgezeichnet. Styria Media Group, Kleine Zeitung, \u201ePresse\u201c, FURCHE und Styria Buchverlage u\u0308bergaben lockdownbedingt ohne G\u00e4ste den Preis in der Redaktion der Kleinen Zeitung Wien.<br \/>\nVielen Dank an die Styria Media Group,<br \/>\ndass sich diese besondere Urkunde<br \/>\ngestalten durfte.<\/p>\n<p>&nbsp;<\/p>\n<p>&nbsp;<\/p>\n<p><a href=\"https:\/\/claudia-dzengel.com\/wp-content\/uploads\/alavida_0140_web.jpg\"><img loading=\"lazy\" decoding=\"async\" class=\"alignleft  wp-image-3764\" title=\"alavida_0140_web\" src=\"https:\/\/claudia-dzengel.com\/wp-content\/uploads\/alavida_0140_web-150x150.jpg\" alt=\"\" width=\"170\" height=\"170\" \/><\/a><\/p>\n<p style=\"padding-left: 200px;\"><strong>Kalligrafie-Live-Performance mit<br \/>\nMieze-Medusa &amp; Band: <\/strong><strong><br \/>\nSa, 2.10.2021<\/strong><br \/>\nIn der Langen Nacht der Museen 2021 spielen Mieze Medusa &amp; Band im Schriftmuseum Bartlhaus in Pettenbach. Gemeinsam mit Julie Anastassiou (Gitarre, Percussion &amp; Gesang) und Stefan Thaler (Bass) wird ein rascher Wechsel zwischen Rap und Spoken Words pr\u00e4sentiert. Als kleine Draufgabe werde ich zur Musik live kalligrafieren und die Performance in Schrift und Bild festhalten.<\/p>\n<p>&nbsp;<\/p>\n<p>&nbsp;<\/p>\n<p><a href=\"https:\/\/claudia-dzengel.com\/wp-content\/uploads\/vienna_design_week_programmpartner_in21.jpg\"><img loading=\"lazy\" decoding=\"async\" class=\"alignleft size-thumbnail wp-image-3635\" title=\"vienna_design_week_programmpartner_in21\" src=\"https:\/\/claudia-dzengel.com\/wp-content\/uploads\/vienna_design_week_programmpartner_in21-150x150.jpg\" alt=\"\" width=\"150\" height=\"150\" \/><\/a><\/p>\n<p style=\"padding-left: 200px;\">Projektpartnerin der ViennaDesign Week 2021<br \/>\n<strong>Open Studio Day<br \/>\n<strong>Dienstag, 28.09.2021, 12 bis 20 Uhr<\/strong><br \/>\n<\/strong>Mitten im Fokusbezirk Brigittenau der Vienna Design Week 2021 liegt mein Kalligrafie-Atelier. Am OPEN STUDIO DAY hast du Gelegenheit mir beim Arbeiten \u00fcber die Schulter zu schauen oder selber eine (Gru\u00df)Karte zu gestalten. In meinem Atelier, in der N\u00e4he des Wiener Augartens, werden Kalligrafie- und Handletteringkurse angeboten sowie Auftr\u00e4ge f\u00fcr individuelle Schriftz\u00fcge, handschriftliche Logos und Texte gestaltet. Durch Modulation der Linie und das Wechselspiel zwischen Form, Bewegung und Rhythmus entstehen Schriftbilder, in welchen sich alle Facetten der Schriftkunst entfalten. Ich freue mich \u00fcber deinen Besuch!<\/p>\n<p>&nbsp;<\/p>\n<p>&nbsp;<\/p>\n<p><a href=\"https:\/\/claudia-dzengel.com\/wp-content\/uploads\/Halit_03_DSC0015_quadrat_web.jpg\"><img loading=\"lazy\" decoding=\"async\" class=\"alignleft  wp-image-3632\" title=\"Halit_03_DSC0015_quadrat_web\" src=\"https:\/\/claudia-dzengel.com\/wp-content\/uploads\/Halit_03_DSC0015_quadrat_web-150x150.jpg\" alt=\"\" width=\"170\" height=\"170\" srcset=\"https:\/\/claudia-dzengel.com\/wp-content\/uploads\/Halit_03_DSC0015_quadrat_web-150x150.jpg 150w, https:\/\/claudia-dzengel.com\/wp-content\/uploads\/Halit_03_DSC0015_quadrat_web-300x300.jpg 300w, https:\/\/claudia-dzengel.com\/wp-content\/uploads\/Halit_03_DSC0015_quadrat_web.jpg 1000w\" sizes=\"auto, (max-width: 170px) 100vw, 170px\" \/><\/a><\/p>\n<p style=\"padding-left: 200px;\">Ausstellung <strong><strong><br \/>\n<strong>Notes from the Underground<br \/>\n<\/strong><\/strong><\/strong><strong><strong>Ausstellungsdauer: 27.06. \u2013 19.09.2021<\/strong><\/strong><\/p>\n<p style=\"padding-left: 200px;\"><strong><strong><a href=\"https:\/\/lettering-in-deutschland.de\/workshops\/\" target=\"_blank\" rel=\"noopener\">Schriftmuseum Bartlhaus, Pettenbach (O\u00d6)<strong><strong><br \/>\n<\/strong><\/strong><br \/>\n<\/a><\/strong><\/strong>Die Gruppenausstellung im Juni 2021 lehnt sich inhaltlich an das Festival der Regionen an, das von 25.6. bis 4.7.2021 stattfinden wird. Das Festival der Regionen ist ein zeitgen\u00f6ssisches Kunst- und Kulturfestival, das seit 1993 alle zwei Jahre in einer jeweils festgelegten Region in Ober\u00f6sterreich abgehalten wird. 2021 konzentriert es sich auf den ober\u00f6sterreichischen Teil des historischen Salzkammerguts \u2013 zwischen Bad Ischl und Hallstatt.<\/p>\n<p>&nbsp;<\/p>\n<p>&nbsp;<\/p>\n<p><a href=\"https:\/\/claudia-dzengel.com\/wp-content\/uploads\/19_06_Ro\u0308mische-Kursive_0001_quadrat_web.jpg\"><img loading=\"lazy\" decoding=\"async\" class=\"alignleft  wp-image-3349\" title=\"19_06_Ro\u0308mische-Kursive_0001_quadrat_web\" src=\"https:\/\/claudia-dzengel.com\/wp-content\/uploads\/19_06_Ro\u0308mische-Kursive_0001_quadrat_web-150x150.jpg\" alt=\"\" width=\"170\" height=\"170\" srcset=\"https:\/\/claudia-dzengel.com\/wp-content\/uploads\/19_06_Ro\u0308mische-Kursive_0001_quadrat_web-150x150.jpg 150w, https:\/\/claudia-dzengel.com\/wp-content\/uploads\/19_06_Ro\u0308mische-Kursive_0001_quadrat_web-300x300.jpg 300w, https:\/\/claudia-dzengel.com\/wp-content\/uploads\/19_06_Ro\u0308mische-Kursive_0001_quadrat_web.jpg 991w\" sizes=\"auto, (max-width: 170px) 100vw, 170px\" \/><\/a><\/p>\n<p style=\"padding-left: 200px;\">Teilnehme an der Ausstellung<strong><strong><br \/>\n<strong>The international Grand Prix Calligraphy Westerlo, Belgien<br \/>\n<\/strong><\/strong><\/strong><strong><strong>22.07.-13.09.2020<a href=\"https:\/\/lettering-in-deutschland.de\/workshops\/\" target=\"_blank\" rel=\"noopener\"><br \/>\n<\/a><\/strong><\/strong>Im Rahmen der Ausschreibung zum\u00a0<em>Gro\u00dfen\u00a0Kalligrafie-Preis von Westerlo<\/em>\u00a0(Belgien) werden Bilder von den Einreichungen ausgew\u00e4hlt, die in einer Ausstellung im Rathaus von Westerlo gezeigt werden. Leider sind meine\u00a0Arbeiten nicht rechtzeitig zur Jury-Sitzung eingetroffen. Aber in der Ausstellung vom 22. Juli bis 13. September 2020 werden sie zu sehen sein.<\/p>\n<p>&nbsp;<\/p>\n<p>&nbsp;<\/p>\n<p><a href=\"https:\/\/claudia-dzengel.com\/wp-content\/uploads\/MG_4835-Kopie\u00a9-Katharina-F-Ro\u00dfboth_Quadrat_web.jpg\"><img loading=\"lazy\" decoding=\"async\" class=\"alignleft  wp-image-3004\" title=\"_MG_4835-Kopie\u00a9-Katharina-F-Ro\u00dfboth_Quadrat_web\" src=\"https:\/\/claudia-dzengel.com\/wp-content\/uploads\/MG_4835-Kopie\u00a9-Katharina-F-Ro\u00dfboth_Quadrat_web-150x150.jpg\" alt=\"\" width=\"170\" height=\"170\" srcset=\"https:\/\/claudia-dzengel.com\/wp-content\/uploads\/MG_4835-Kopie\u00a9-Katharina-F-Ro\u00dfboth_Quadrat_web-150x150.jpg 150w, https:\/\/claudia-dzengel.com\/wp-content\/uploads\/MG_4835-Kopie\u00a9-Katharina-F-Ro\u00dfboth_Quadrat_web-300x300.jpg 300w, https:\/\/claudia-dzengel.com\/wp-content\/uploads\/MG_4835-Kopie\u00a9-Katharina-F-Ro\u00dfboth_Quadrat_web.jpg 1000w\" sizes=\"auto, (max-width: 170px) 100vw, 170px\" \/><\/a><\/p>\n<p style=\"padding-left: 200px;\"><a href=\"https:\/\/www.ots.at\/presseaussendung\/OTS_20191022_OTS0037\/demokratie-ist-viel-breiter-zu-sehen-als-wir-immer-meinen-bild\" target=\"_blank\" rel=\"noopener\"><strong><strong>Verleihung des Fritz-Csoklich-Demokratiepreises an Arik Brauer<br \/>\n<\/strong><\/strong><\/a>Oktober 2019<a href=\"https:\/\/www.bildrecht.at\/ausstellungsvorschau01\" target=\"_blank\" rel=\"noopener\"><strong><br \/>\n<\/strong><\/a><br \/>\nStyria Media Group, Kleine Zeitung und die \u201ePresse\u201c verliehen am 21.10.2019 im J\u00fcdischen Museum in Wien den ersten Fritz-Csoklich-Demokratiepreis an den K\u00fcnstler Arik Brauer. Ich hatte die Ehre zu diesem Anlass ein k\u00fcnstlerisches Schriftbild zu gestalten.<br \/>\n<em>\u201eArik Brauer ist ein begnadeter Erz\u00e4hler, aus allem kann er eine Geschichte machen und tut es auch \u2013 ob mit Worten in seinen Liedern, ob in Bildern mit seiner Kunst\u201c<\/em>&#8230; begr\u00fcndete die Jury ihre Entscheidung.<br \/>\nDer Preis soll im Sinne von Fritz Csoklichs Wirken als langj\u00e4hriger Chefredakteur der Kleinen Zeitung ein Signal fu\u0308r Haltung, Demokratie, Werte und Weltoffenheit setzen.<\/p>\n<p>&nbsp;<\/p>\n<p>&nbsp;<\/p>\n<p><a href=\"https:\/\/claudia-dzengel.com\/wp-content\/uploads\/SingDanceLive_Tinte-auf-Papier_50x50cm_2019_kleiner_web.jpg\"><img loading=\"lazy\" decoding=\"async\" class=\"alignleft  wp-image-2977\" title=\"Sing,Dance,Live_Tinte-auf-Papier_50x50cm_2019_kleiner_web\" src=\"https:\/\/claudia-dzengel.com\/wp-content\/uploads\/SingDanceLive_Tinte-auf-Papier_50x50cm_2019_kleiner_web-150x150.jpg\" alt=\"\" width=\"170\" height=\"170\" srcset=\"https:\/\/claudia-dzengel.com\/wp-content\/uploads\/SingDanceLive_Tinte-auf-Papier_50x50cm_2019_kleiner_web-150x150.jpg 150w, https:\/\/claudia-dzengel.com\/wp-content\/uploads\/SingDanceLive_Tinte-auf-Papier_50x50cm_2019_kleiner_web-300x300.jpg 300w, https:\/\/claudia-dzengel.com\/wp-content\/uploads\/SingDanceLive_Tinte-auf-Papier_50x50cm_2019_kleiner_web.jpg 1000w\" sizes=\"auto, (max-width: 170px) 100vw, 170px\" \/><\/a><\/p>\n<p style=\"padding-left: 200px;\"><a href=\"https:\/\/www.geigeki.jp\/english\/about\/index.html\" target=\"_blank\" rel=\"noopener\"><strong><strong>Japan Art Festival | Wien \u2013 Tokyo<br \/>\n<\/strong><\/strong><\/a>Mai &amp; Oktober 2019<a href=\"https:\/\/www.bildrecht.at\/ausstellungsvorschau01\" target=\"_blank\" rel=\"noopener\"><strong><br \/>\n<\/strong><\/a><br \/>\nTeilnahme an der Jubil\u00e4umsveranstaltung zu Ehren &#8222;150 Jahre Diplomatische Beziehungen zwischen Japan und \u00d6sterreich&#8220;.<br \/>\n30 ausgew\u00e4hlte K\u00fcnstler*innen\u00a0 zeigen\u00a0 im Mai 2019 beim <em>Japan Art Festival<\/em> im Schloss Sch\u00f6nbrunn\u2013Orangerie und im Oktober 2019 im Kulturzentrum <em>Tokyo Metropolitan Theatre<\/em> ihre Werke. Auch von mir wird ein Bild (<em>Sing, Dance, Live, 50&#215;50 cm, Tinte auf Papier, 2019<\/em>) bei den Ausstellungen zu sehen sein.<\/p>\n<p>&nbsp;<\/p>\n<p>&nbsp;<\/p>\n<p><a href=\"https:\/\/claudia-dzengel.com\/wp-content\/uploads\/Spitzfeder-Alphabet_J_web.jpg\"><img loading=\"lazy\" decoding=\"async\" class=\"alignleft  wp-image-2943\" title=\"Spitzfeder-Alphabet_J_web\" src=\"https:\/\/claudia-dzengel.com\/wp-content\/uploads\/Spitzfeder-Alphabet_J_web-150x150.jpg\" alt=\"\" width=\"170\" height=\"170\" \/><\/a><\/p>\n<p style=\"padding-left: 200px;\"><a href=\"https:\/\/www.derstandard.at\/story\/2000106634540\/kein-kritzi-kratzi-wie-handschrift-wieder-cool-wird\" target=\"_blank\" rel=\"noopener\"><strong><strong>Beitrag in derStandard.at<br \/>\n<\/strong><\/strong>05.08.2019<\/a><a href=\"https:\/\/www.bildrecht.at\/ausstellungsvorschau01\" target=\"_blank\" rel=\"noopener\"><strong><br \/>\n<\/strong><\/a><\/p>\n<p style=\"padding-left: 200px;\"><em>Kein Kritzi-Kratzi: Wie Handschrift wieder cool wird <\/em>heisst der Beitrag von Marietta Adenberger zum Thema Schreiben in derStandard.at. Darin berichtet Sie auch \u00fcber meine Arbeit mit Sch\u00fclerInnen und Sch\u00fclern in Schulen, sowie \u00fcber meine Ausstellung im Mai 2019 in der Galerie <em>Bildraum 01, 1010 Wien.<\/em><\/p>\n<p>&nbsp;<\/p>\n<p>&nbsp;<\/p>\n<p><a href=\"https:\/\/claudia-dzengel.com\/wp-content\/uploads\/Bild-mit-Logo_Bildrecht_web.jpg\"><img loading=\"lazy\" decoding=\"async\" class=\"alignleft  wp-image-2939\" title=\"Bild-mit-Logo_Bildrecht_web\" src=\"https:\/\/claudia-dzengel.com\/wp-content\/uploads\/Bild-mit-Logo_Bildrecht_web-150x150.jpg\" alt=\"\" width=\"170\" height=\"170\" srcset=\"https:\/\/claudia-dzengel.com\/wp-content\/uploads\/Bild-mit-Logo_Bildrecht_web-150x150.jpg 150w, https:\/\/claudia-dzengel.com\/wp-content\/uploads\/Bild-mit-Logo_Bildrecht_web-300x300.jpg 300w, https:\/\/claudia-dzengel.com\/wp-content\/uploads\/Bild-mit-Logo_Bildrecht_web.jpg 899w\" sizes=\"auto, (max-width: 170px) 100vw, 170px\" \/><\/a><\/p>\n<p style=\"padding-left: 200px;\"><a href=\"https:\/\/www.bildrecht.at\/news\/claudia-dzengel-eroeffnung-30-april-bildraum-01\" target=\"_blank\" rel=\"noopener\"><strong><strong>Ausstellung und Buchpr\u00e4sentation<\/strong><\/strong> <\/a><br \/>\n<a href=\"https:\/\/www.bildrecht.at\/news\/claudia-dzengel-eroeffnung-30-april-bildraum-01\" target=\"_blank\" rel=\"noopener\"> <strong>im Bildraum 01<\/strong> | Strauchgasse 2 | 1010 Wien<\/a><br \/>\n<a href=\"https:\/\/www.bildrecht.at\/news\/claudia-dzengel-eroeffnung-30-april-bildraum-01\" target=\"_blank\" rel=\"noopener\"> Er\u00f6ffnung | <strong>Dienstag, 30. April 2019, 19 Uhr<\/strong><\/a><a href=\"https:\/\/www.bildrecht.at\/ausstellungsvorschau01\" target=\"_blank\" rel=\"noopener\"><strong><br \/>\n<\/strong><\/a><br \/>\n<a href=\"https:\/\/claudia-dzengel.com\/wp-content\/uploads\/Einladung_Bildraum01_ClaudiaDzengel.pdf\">Einladung_Bildraum01_ClaudiaDzengel<\/a><\/p>\n<p style=\"padding-left: 200px;\"><em>Kalligrafie ist ein Kinderspiel <\/em>heisst sowohl der Titel meines neuen Buches, als auch die Ausstellung, die <strong>vom 1. bis 31. Mai 2019<\/strong> in der Galerie <em>Bildraum 01<\/em> zu sehen ist. Originalbilder aus dem Buch und neuere Arbeiten aus der letzten Schaffensphase werden gezeigt. Dabei kommt es immer wieder zu einem Wechselspiel von geschriebenen und gezeichneten Buchstaben, antike Alphabete werden modernem Handlettering gegen\u00fcbergestellt. Zur Ausstellung spricht die Kunst- und Architekturkritikerin Patricia Grzonka.<\/p>\n<p>&nbsp;<\/p>\n<p>&nbsp;<\/p>\n<p><a href=\"https:\/\/claudia-dzengel.com\/wp-content\/uploads\/Page_web.jpg\"><img loading=\"lazy\" decoding=\"async\" class=\"alignleft size-full wp-image-2728\" title=\"Page_web\" src=\"https:\/\/claudia-dzengel.com\/wp-content\/uploads\/Page_web.jpg\" alt=\"\" width=\"170\" height=\"430\" \/><\/a><\/p>\n<p style=\"padding-left: 200px;\"><a href=\"https:\/\/page-online.de\/typografie\/630939\/\" target=\"_blank\" rel=\"noopener\"><strong><strong>Kalligrafie ist ein Kinderspiel<br \/>\n<\/strong><\/strong>Beitrag auf <strong>PAGEonline<\/strong> <\/a><br \/>\n<a href=\"https:\/\/page-online.de\/typografie\/630939\/\" target=\"_blank\" rel=\"noopener\"> 12. Dezember 2018<\/a><a href=\"https:\/\/novum.graphics\/en\/news\/typography\/detail\/kalligrafie-ist-ein-kinderspiel\/?fbclid=IwAR1n7NtMp7JwYW-qpLtfrpksU-xC-M9llglBkUEj1MrphXp_ynT6hxeqjPU\" target=\"_blank\" rel=\"noopener\"><strong><br \/>\n<\/strong><\/a><br \/>\n<em>Egal ob Erwachsener oder Kind, Claudia Dzengel, die an der HAWK Hildesheim Farbdesign studierte, fordert uns alle auf, mit Buchstaben zu spielen und zu experimentieren. In \u00bbKalligrafie ist ein Kinderspiel\u00ab kombiniert sie antike Schriften mit modernem Handlettering. Dabei geht es der Autorin, die seit mehr als 20 Jahren in Wien lebt, nicht um Kopieren und Sch\u00f6nschreiben, sondern um Ausdruck und Pers\u00f6nlichkeit im Schriftbild.<br \/>\nClaudia Dzengel, die auch Kalligrafie-Workshops veranstaltet, erkl\u00e4rt anschaulich und gibt viele Tipps rund um die richtigen Werkzeuge und die richtige Schreibweise. Gerade in Zeiten, in denen Schreibschrift in den Schulen praktisch nicht mehr vorkommt, ein wichtiges Buch, das Kinder ab 10 Jahren und nat\u00fcrlich auch Erwachsene motiviert, einen rhythmischen Schreibfluss und damit ihre individuelle Handschrift zu finden.<\/em><\/p>\n<p>&nbsp;<\/p>\n<p>&nbsp;<\/p>\n<p><a href=\"https:\/\/claudia-dzengel.com\/wp-content\/uploads\/18_05_30_Titelseite_Kalligrafie-ist-ein-Kinderspiel_02_web-170.jpg\"><img loading=\"lazy\" decoding=\"async\" class=\"alignleft size-full wp-image-2388\" title=\"18_05_30_Titelseite_Kalligrafie-ist-ein-Kinderspiel_02_web-170\" src=\"https:\/\/claudia-dzengel.com\/wp-content\/uploads\/18_05_30_Titelseite_Kalligrafie-ist-ein-Kinderspiel_02_web-170.jpg\" alt=\"\" width=\"170\" height=\"217\" \/><\/a><\/p>\n<p style=\"padding-left: 200px;\"><a href=\"https:\/\/www.ggverlag.at\/produktkatalog\/kalligrafie-ist-ein-kinderspiel\/\" target=\"_blank\" rel=\"noopener\"><strong><strong>Kalligrafie ist ein Kinderspiel<br \/>\n<\/strong><\/strong>Antike Schriften &amp; modernes Handlettering<br \/>\nf\u00fcr Kleine und Gro\u00dfe<\/a><br \/>\nseit September 2018 im Nilpferd Verlag bei G&amp;G<strong><br \/>\n<\/strong><br \/>\nIn diesem k\u00fcnstlerischen Kalligrafiebuch werden kleine und gro\u00dfe SchriftgestalterInnen aufgefordert, mit Buchstaben zu spielen und zu experimentieren. Kinderleicht Schriften lernen, kombinieren und verzieren. Was haben Alphabete antiker Schriften und modernes Lettering miteinander zu tun?<br \/>\nWelche Arbeitsschritte und Materialien eignen sich am besten? Anleitungen zum Ausprobieren und Selbermachen richten sich an Kinder (ab 10 Jahren) und Erwachsene.<\/p>\n<p>&nbsp;<\/p>\n<p><a href=\"https:\/\/claudia-dzengel.com\/wp-content\/uploads\/2017_Kalligrafie-und-kreatives-Schreiben3_Instagram_Foto-\u00a9-MartaNalecz.jpg\"><img loading=\"lazy\" decoding=\"async\" class=\"alignleft  wp-image-2213\" title=\"2017_Kalligrafie und kreatives Schreiben3_Instagram_Foto \u00a9 MartaNalecz\" src=\"https:\/\/claudia-dzengel.com\/wp-content\/uploads\/2017_Kalligrafie-und-kreatives-Schreiben3_Instagram_Foto-\u00a9-MartaNalecz-150x150.jpg\" alt=\"\" width=\"170\" height=\"170\" srcset=\"https:\/\/claudia-dzengel.com\/wp-content\/uploads\/2017_Kalligrafie-und-kreatives-Schreiben3_Instagram_Foto-\u00a9-MartaNalecz-150x150.jpg 150w, https:\/\/claudia-dzengel.com\/wp-content\/uploads\/2017_Kalligrafie-und-kreatives-Schreiben3_Instagram_Foto-\u00a9-MartaNalecz-300x300.jpg 300w, https:\/\/claudia-dzengel.com\/wp-content\/uploads\/2017_Kalligrafie-und-kreatives-Schreiben3_Instagram_Foto-\u00a9-MartaNalecz-1024x1024.jpg 1024w, https:\/\/claudia-dzengel.com\/wp-content\/uploads\/2017_Kalligrafie-und-kreatives-Schreiben3_Instagram_Foto-\u00a9-MartaNalecz.jpg 1500w\" sizes=\"auto, (max-width: 170px) 100vw, 170px\" \/><\/a><\/p>\n<p style=\"padding-left: 200px;\"><strong><a href=\"https:\/\/www.ggverlag.at\/produktkatalog\/kalligrafie-und-kreatives-schreiben-fur-kinder\/\" target=\"_blank\" rel=\"noopener\"><strong>Kalligrafie und kreatives Schreiben<br \/>\nf\u00fcr Kinder<br \/>\n<\/strong>ab 2018 neu im Nilpferd Verlag bei G&amp;G<\/a><br \/>\n<\/strong><br \/>\nIn K\u00fcrze erscheint im Nilpferd Verlag, der seit einiger Zeit zu G&amp;G geh\u00f6rt, die <strong>3. Auflage<\/strong> meines mehrfach ausgezeichneten Buches <em>Kalligrafie und kreatives Schreiben f\u00fcr Kinder<\/em>.<br \/>\nMein zweites Buch wird im <strong>September 2018<\/strong> erscheinen: <em><strong>Kalligrafie ist ein Kinderspiel<\/strong><\/em>. Hier werden antike Schriften wie auch zeitgen\u00f6ssische Kalligrafie vorgestellt. Die Zielgruppe sind Kinder ab 8 Jahren und Erwachsene. Im Idealfall experimentieren Kinder gemeinsam mit Eltern, Tante, Opa&#8230;, so wie ich dies auch oft in Familien-Workshops anbiete.<\/p>\n<p>&nbsp;<\/p>\n<p><a href=\"https:\/\/claudia-dzengel.com\/wp-content\/uploads\/Ausstellung-CD_01_Web_Foto-Hape-Schreiberhuber.jpg\"><img loading=\"lazy\" decoding=\"async\" class=\"alignleft  wp-image-1739\" title=\"Ausstellung CD_01_Web_Foto Hape Schreiberhuber\" src=\"https:\/\/claudia-dzengel.com\/wp-content\/uploads\/Ausstellung-CD_01_Web_Foto-Hape-Schreiberhuber-150x150.jpg\" alt=\"\" width=\"160\" height=\"160\" \/><\/a><\/p>\n<p style=\"padding-left: 200px;\"><strong>Ausstellung<br \/>\nKalligrafische Rhythmen &amp; Strukturen<\/strong><br \/>\n<strong> 25. Juni bis 18. September 2016<\/strong><br \/>\n<strong>Schriftmuseum Bartlhaus<br \/>\n<\/strong>Museumsstra\u00dfe 16, 4643 Pettenbach<strong><strong><strong><br \/>\n<\/strong><\/strong><\/strong>Bis zum 18. September 2016 sind im Schriftmuseum die Ausstellungen<em> Kalligrafische Rhythmen &amp; Strukturen<\/em> von Claudia Dzengel,<em> Crossover \u2013 Kalligrafie trifft Malerei<\/em> von Joachim Propfe sowie die Alphabetsammlung von Julia Vermes zu sehen.<\/p>\n<p>&nbsp;<\/p>\n<p><a href=\"https:\/\/claudia-dzengel.com\/wp-content\/uploads\/Ausst_Denk-an-mich_Doku_06_Ausschnitt_web.jpg\"><img loading=\"lazy\" decoding=\"async\" class=\"alignleft  wp-image-1533\" title=\"Denk an mich\u00a9 O\u0308MV_Foto_Birgit&amp;PeterKainz\" src=\"https:\/\/claudia-dzengel.com\/wp-content\/uploads\/Ausst_Denk-an-mich_Doku_06_Ausschnitt_web-150x150.jpg\" alt=\"\" width=\"170\" height=\"170\" \/><\/a><\/p>\n<p style=\"padding-left: 200px;\"><strong>Tag der Kalligrafie<\/strong><br \/>\nam 12. September 2015<br \/>\nim \u00f6sterreichischen Museum f\u00fcr Volkskunde<\/p>\n<p style=\"padding-left: 200px;\">Programm:<br \/>\n<strong>Experimentelle Kalligrafie fu\u0308r Familien (ab 9 Jahren)<\/strong><br \/>\nWorkshops 10:00 und 14:00 Uhr (je 1,5 h)<br \/>\nKosten: Kinder \u20ac 4 | Erwachsene \u20ac 6<br \/>\nAnmeldung erforderlich unter 01\/ 406 89 05 \u2013 64<\/p>\n<p style=\"padding-left: 200px;\"><strong>Einfu\u0308hrung in die Kalligrafie \u2013<br \/>\nZuschauen &amp; Mitschreiben<\/strong><br \/>\n14:00 bis 17:00 Uhr (Eintritt frei)<br \/>\nDer Verein Global Calligraphy Vienna pr\u00e4sentiert:<br \/>\n&#8211; Fern\u00f6stliche Kalligraphie mit Junko Baba<br \/>\n&#8211; Orientalische Kalligraphie mit Abd A. Masoud und<br \/>\nMitra Shahmoradi-Strohmaier<br \/>\n&#8211; Westliche Kalligraphie mit Karin Bauer, Claudia Dzengel,<br \/>\nGiovanni de Faccio, Petra M. Gartner, Anneke Hodel-<br \/>\nOnstein und Eva P\u00f6ll<\/p>\n<p style=\"padding-left: 200px;\">Infoblatt zum Tag der Kalligrafie<\/p>\n<p>&nbsp;<\/p>\n<p><img loading=\"lazy\" decoding=\"async\" class=\"alignleft  wp-image-1443\" title=\"\u00d6MV_Denk an mich!_Wandkalligrafie von Claudia Dzengel\" src=\"https:\/\/claudia-dzengel.com\/wp-content\/uploads\/Ausstellungsbaustelle_Detail_06_web-150x150.jpg\" alt=\"\" width=\"170\" height=\"170\" \/><\/p>\n<p style=\"padding-left: 200px;\"><strong>Denk an mich!<br \/>\nStammb\u00fccher und Poesiealben aus zwei Jahrhunderten<\/strong><br \/>\nAusstellungser\u00f6ffnung: 5. Mai 2015, 18 Uhr<br \/>\n<a> bis 22. November 2015 <\/a><\/p>\n<p style=\"padding-left: 200px;\">Sonderausstellung im Volkskundemuseum in der Reihe \u201eObjekt im Fokus\u201c<\/p>\n<p style=\"padding-left: 200px;\">Im Rahmen der Ausstellung <em>Denk an mich!<\/em> wurde das Gedicht <em>Zur Er\u00f6ffnung eines Albums<\/em> von Eduard M\u00f6rike (1804 &#8211; 1875) mit Tusche direkt auf die Wand geschrieben. Zuerst im Block und dann einzeilig zieht sich der gesamte Text einmal um den Ausstellungsraum.<\/p>\n<p>&nbsp;<\/p>\n<p><a href=\"https:\/\/claudia-dzengel.com\/wp-content\/uploads\/13_06_Cover_11A.jpg\"><img loading=\"lazy\" decoding=\"async\" class=\"alignleft size-full wp-image-806\" title=\"13_06_Cover_11A\" src=\"https:\/\/claudia-dzengel.com\/wp-content\/uploads\/13_06_Cover_11A.jpg\" alt=\"\" width=\"170\" height=\"217\" \/><\/a><\/p>\n<p style=\"padding-left: 200px;\"><strong>Auszeichnung<br \/>\nKinder- und Jugendbuchpreis der Stadt Wien 2014 &#8211; Ehrenliste<br \/>\n<\/strong><a href=\"https:\/\/claudia-dzengel.com\/wp-content\/uploads\/2014_06_Einladung_2.pdf\" target=\"_blank\" rel=\"noopener\"><br \/>\n<\/a><a href=\"https:\/\/www.wien.gv.at\/rk\/msg\/2015\/01\/30016.html\" target=\"_blank\" rel=\"noopener\"> 2014_Kinder- und Jugendbuchpreis<\/a><\/p>\n<p style=\"padding-left: 200px;\">Die Preisverleihung des Annerkennungspreises fand am 30. J\u00e4nner 2015 im Wiener Rathaus statt.<br \/>\n<a href=\"https:\/\/claudia-dzengel.com\/wp-content\/uploads\/Kinderbuchpreis_PID_2015_42_web.jpg\"><img loading=\"lazy\" decoding=\"async\" class=\"alignleft size-medium wp-image-1402\" title=\"Kinderbuchpreis der Stadt Wien_Ehrenpreis \u00fcbergeben von Julia Danielczyk_Foto: Oberweger 2015\" src=\"https:\/\/claudia-dzengel.com\/wp-content\/uploads\/Kinderbuchpreis_PID_2015_42_web-300x200.jpg\" alt=\"\" width=\"300\" height=\"200\" srcset=\"https:\/\/claudia-dzengel.com\/wp-content\/uploads\/Kinderbuchpreis_PID_2015_42_web-300x200.jpg 300w, https:\/\/claudia-dzengel.com\/wp-content\/uploads\/Kinderbuchpreis_PID_2015_42_web-120x80.jpg 120w, https:\/\/claudia-dzengel.com\/wp-content\/uploads\/Kinderbuchpreis_PID_2015_42_web.jpg 600w\" sizes=\"auto, (max-width: 300px) 100vw, 300px\" \/><\/a><\/p>\n<p style=\"padding-left: 200px;\">Kinder- und Jugendbuchpreise der Stadt Wien werden Autorinnen und Autoren zuerkannt, die in ihrer geistigen Konzeption und k\u00fcnstlerischen Gestaltung dem Auffassungsverm\u00f6gen der Kinder bis zum 14. und der Jugendlichen bis etwa zum 18. Lebensjahr entsprechen. Die ausgew\u00e4hlten B\u00fccher sollen das \u00e4sthetische Empfinden von Kindern und Jugendlichen im positiven Sinn beeinflussen.<\/p>\n<p><a href=\"https:\/\/claudia-dzengel.com\/wp-content\/uploads\/14_05_Shake-it_01_web1.jpg\"><img loading=\"lazy\" decoding=\"async\" class=\"alignleft  wp-image-1225\" title=\"14_05_Shake it_01_web\" src=\"https:\/\/claudia-dzengel.com\/wp-content\/uploads\/14_05_Shake-it_01_web1-150x150.jpg\" alt=\"\" width=\"170\" height=\"170\" \/><\/a><\/p>\n<p style=\"padding-left: 200px;\"><strong>Studio Improvise Abend<\/strong><br \/>\nZur improvisierten Musik entsteht Kalligrafie &#8211;<br \/>\n\u00fcber die gesamte Breite des Studio Improvise.<\/p>\n<p style=\"padding-left: 200px;\"><strong>15. Juni 2014, 20 Uhr<\/strong><br \/>\n<strong> Studio Improvise, Liniengasse 2a, 1060 Wien<\/strong><\/p>\n<p style=\"padding-left: 200px;\">Claudia Dzengel (Kalligrafie)<br \/>\nEva Silberbauer (Gesang)<br \/>\nAlessandro Vicard (Bass)<br \/>\nChristian Gonsior (Saxophon)<br \/>\nEdith Lettner (Saxophon)<br \/>\nStephan Brodsky (Marimba, Percussion)<br \/>\nManfred Mader (Klavier)<\/p>\n<p style=\"padding-left: 200px;\"><strong><a href=\"https:\/\/claudia-dzengel.com\/wp-content\/uploads\/Live-Performance-im-Studio-Improvise_Juni-2014_o-1.jpg\"><img loading=\"lazy\" decoding=\"async\" class=\"alignleft size-medium wp-image-1547\" title=\"Live Performance im Studio Improvise_Juni 2014_o-1\" src=\"https:\/\/claudia-dzengel.com\/wp-content\/uploads\/Live-Performance-im-Studio-Improvise_Juni-2014_o-1-300x161.jpg\" alt=\"\" width=\"300\" height=\"161\" srcset=\"https:\/\/claudia-dzengel.com\/wp-content\/uploads\/Live-Performance-im-Studio-Improvise_Juni-2014_o-1-300x161.jpg 300w, https:\/\/claudia-dzengel.com\/wp-content\/uploads\/Live-Performance-im-Studio-Improvise_Juni-2014_o-1.jpg 800w\" sizes=\"auto, (max-width: 300px) 100vw, 300px\" \/><\/a><\/strong><\/p>\n<p style=\"padding-left: 200px;\"><strong><a href=\"https:\/\/claudia-dzengel.com\/wp-content\/uploads\/web_10448718_657394424349715_5897281541815686090_o-1.jpg\"><img loading=\"lazy\" decoding=\"async\" class=\"alignleft size-medium wp-image-1279\" title=\"Live Performance im Studio Improvise, Juni 2014\" src=\"https:\/\/claudia-dzengel.com\/wp-content\/uploads\/web_10448718_657394424349715_5897281541815686090_o-1-300x222.jpg\" alt=\"\" width=\"300\" height=\"222\" srcset=\"https:\/\/claudia-dzengel.com\/wp-content\/uploads\/web_10448718_657394424349715_5897281541815686090_o-1-300x222.jpg 300w, https:\/\/claudia-dzengel.com\/wp-content\/uploads\/web_10448718_657394424349715_5897281541815686090_o-1.jpg 600w\" sizes=\"auto, (max-width: 300px) 100vw, 300px\" \/><\/a><\/strong><\/p>\n<p><img loading=\"lazy\" decoding=\"async\" class=\"alignleft size-full wp-image-806\" title=\"13_06_Cover_11A\" src=\"https:\/\/claudia-dzengel.com\/wp-content\/uploads\/13_06_Cover_11A.jpg\" alt=\"\" width=\"170\" height=\"217\" \/><\/p>\n<p style=\"padding-left: 200px;\"><strong>Auszeichnung<\/strong><br \/>\n<em>Kalligrafie und kreatives Schreiben f\u00fcr Kinder<\/em><br \/>\nwurde in die <em><strong>Kollektion zum \u00d6sterreichischen Kinder- und Jugendbuchpreis 2014<\/strong><\/em> aufgenommen.<\/p>\n<p style=\"padding-left: 200px;\">Die Preisverleihung fand am 22. Mai 2014 im Kultur- und Kongresszentrum Eisenstadt statt.<\/p>\n<p style=\"padding-left: 200px;\">In diesem k\u00fcnstlerischen Kinderbuch erz\u00e4hlen Ida und Enno, 10 und 12 Jahre alt, von Ihrer Leidenschaft, dem Experimentieren mit Schrift. Gemeinsam mit ihrer Mutter, einer Kalligrafin, stellen sie 20 \u00dcbungen vor, die schrift-interessierte Kinder ab 10 Jahren einladen, lebendige Schriftbilder zu gestalten. Durch die Verbindung traditioneller Formen und eigener Ausdrucksm\u00f6glichkeiten entdecken sie ihre Handschrift von einer neuen Seite. Dabei steht das Schreiben im Vordergrund, die Lesbarkeit ist aber nicht das oberste Prinzip!<br \/>\nNeben kreativen Schreib-Ideen gibt es Informationen zur Geschichte der Schrift, zu verschiedenen Schreib-Werkzeugen und einen Beitrag zur Bedeutung der Handschrift des Kalligrafen und Schriftgestalters Gottfried Pott.<\/p>\n<p><a href=\"https:\/\/claudia-dzengel.com\/wp-content\/uploads\/kuhstehA4-1_web4.jpg\"><img loading=\"lazy\" decoding=\"async\" class=\"alignleft size-full wp-image-1216\" title=\"Logo, Kinder-und Jugendbuchpreis 2014\" src=\"https:\/\/claudia-dzengel.com\/wp-content\/uploads\/kuhstehA4-1_web4.jpg\" alt=\"\" width=\"170\" height=\"235\" \/><\/a><\/p>\n<p style=\"padding-left: 200px;\"><strong><a href=\"https:\/\/claudia-dzengel.com\/wp-content\/uploads\/20140522_Kinder-und-Jugendbuchpreis-9_web1.jpg\"><img loading=\"lazy\" decoding=\"async\" class=\"alignleft size-medium wp-image-1215\" title=\"v.l.n.r. Georg Gl\u00f6ckler, Claudia Dzengel, Hans Nissl - Kinder- und Jugendbuchpreis 2014, Eisenstadt\" src=\"https:\/\/claudia-dzengel.com\/wp-content\/uploads\/20140522_Kinder-und-Jugendbuchpreis-9_web1-300x200.jpg\" alt=\"\" width=\"300\" height=\"200\" srcset=\"https:\/\/claudia-dzengel.com\/wp-content\/uploads\/20140522_Kinder-und-Jugendbuchpreis-9_web1-300x200.jpg 300w, https:\/\/claudia-dzengel.com\/wp-content\/uploads\/20140522_Kinder-und-Jugendbuchpreis-9_web1-120x80.jpg 120w, https:\/\/claudia-dzengel.com\/wp-content\/uploads\/20140522_Kinder-und-Jugendbuchpreis-9_web1.jpg 600w\" sizes=\"auto, (max-width: 300px) 100vw, 300px\" \/><\/a><\/strong><\/p>\n<p style=\"padding-left: 200px;\"><strong><a href=\"https:\/\/claudia-dzengel.com\/wp-content\/uploads\/20140522_Kinder-und-Jugendbuchpreis-21_web.jpg\"><img loading=\"lazy\" decoding=\"async\" class=\"alignleft size-medium wp-image-1222\" title=\"Kinder- und Jugendbuchpreis 2014, Eisenstadt\" src=\"https:\/\/claudia-dzengel.com\/wp-content\/uploads\/20140522_Kinder-und-Jugendbuchpreis-21_web-300x194.jpg\" alt=\"\" width=\"300\" height=\"194\" srcset=\"https:\/\/claudia-dzengel.com\/wp-content\/uploads\/20140522_Kinder-und-Jugendbuchpreis-21_web-300x194.jpg 300w, https:\/\/claudia-dzengel.com\/wp-content\/uploads\/20140522_Kinder-und-Jugendbuchpreis-21_web.jpg 600w\" sizes=\"auto, (max-width: 300px) 100vw, 300px\" \/><\/a><\/strong><\/p>\n","protected":false},"excerpt":{"rendered":"<p>Internationale Gruppen-Ausstellung Bodenburg \u2013 Kunst mit und ohne Dach Stiftung Kunstgeb\u00e4ude Schlosshof Bodenburg (D) Ausstellungser\u00f6ffnung: Sa, 04.07.2026, 17:00 Uhr Teichstra\u00dfe 15a 31162 Bad Salzdetfurth\/OT Bodenburg Ca. 30 K\u00fcnstlerinnen und K\u00fcnstler zeigen ihre Werke zu dem Thema &#8222;Kunst mit und ohne&#8230;<\/p>\n","protected":false},"author":1,"featured_media":0,"parent":0,"menu_order":5,"comment_status":"closed","ping_status":"closed","template":"","meta":{"footnotes":""},"class_list":["post-802","page","type-page","status-publish","hentry"],"_links":{"self":[{"href":"https:\/\/claudia-dzengel.com\/index.php?rest_route=\/wp\/v2\/pages\/802","targetHints":{"allow":["GET"]}}],"collection":[{"href":"https:\/\/claudia-dzengel.com\/index.php?rest_route=\/wp\/v2\/pages"}],"about":[{"href":"https:\/\/claudia-dzengel.com\/index.php?rest_route=\/wp\/v2\/types\/page"}],"author":[{"embeddable":true,"href":"https:\/\/claudia-dzengel.com\/index.php?rest_route=\/wp\/v2\/users\/1"}],"replies":[{"embeddable":true,"href":"https:\/\/claudia-dzengel.com\/index.php?rest_route=%2Fwp%2Fv2%2Fcomments&post=802"}],"version-history":[{"count":590,"href":"https:\/\/claudia-dzengel.com\/index.php?rest_route=\/wp\/v2\/pages\/802\/revisions"}],"predecessor-version":[{"id":4943,"href":"https:\/\/claudia-dzengel.com\/index.php?rest_route=\/wp\/v2\/pages\/802\/revisions\/4943"}],"wp:attachment":[{"href":"https:\/\/claudia-dzengel.com\/index.php?rest_route=%2Fwp%2Fv2%2Fmedia&parent=802"}],"curies":[{"name":"wp","href":"https:\/\/api.w.org\/{rel}","templated":true}]}}